{"id":5479,"date":"2023-08-16T16:43:55","date_gmt":"2023-08-16T16:43:55","guid":{"rendered":"https:\/\/casapedroeines.pt\/notre-histoire\/"},"modified":"2024-08-19T14:36:09","modified_gmt":"2024-08-19T14:36:09","slug":"notre-histoire","status":"publish","type":"page","link":"https:\/\/casapedroeines.pt\/fr\/notre-histoire\/","title":{"rendered":"Notre Histoire"},"content":{"rendered":"\t\t<div data-elementor-type=\"wp-page\" data-elementor-id=\"5479\" class=\"elementor elementor-5479 elementor-56\">\n\t\t\t\t\t\t<section class=\"elementor-section elementor-top-section elementor-element elementor-element-411a955 elementor-section-height-min-height elementor-section-full_width elementor-section-height-default elementor-section-items-middle\" data-id=\"411a955\" data-element_type=\"section\" data-settings=\"{&quot;background_background&quot;:&quot;classic&quot;,&quot;jet_parallax_layout_list&quot;:[]}\">\n\t\t\t\t\t\t\t<div class=\"elementor-background-overlay\"><\/div>\n\t\t\t\t\t\t\t<div class=\"elementor-container elementor-column-gap-default\">\n\t\t\t\t\t<div class=\"elementor-column elementor-col-100 elementor-top-column elementor-element elementor-element-5be34e7\" data-id=\"5be34e7\" data-element_type=\"column\">\n\t\t\t<div class=\"elementor-widget-wrap elementor-element-populated\">\n\t\t\t\t\t\t<div class=\"elementor-element elementor-element-dd233f8 elementor-widget elementor-widget-heading\" data-id=\"dd233f8\" data-element_type=\"widget\" data-widget_type=\"heading.default\">\n\t\t\t\t<div class=\"elementor-widget-container\">\n\t\t\t\t\t<h2 class=\"elementor-heading-title elementor-size-default\">La Casa Pedro In\u00eas<\/h2>\t\t\t\t<\/div>\n\t\t\t\t<\/div>\n\t\t\t\t<div class=\"elementor-element elementor-element-2418ca9 elementor-widget elementor-widget-heading\" data-id=\"2418ca9\" data-element_type=\"widget\" data-widget_type=\"heading.default\">\n\t\t\t\t<div class=\"elementor-widget-container\">\n\t\t\t\t\t<h1 class=\"elementor-heading-title elementor-size-default\">Notre Histoire<\/h1>\t\t\t\t<\/div>\n\t\t\t\t<\/div>\n\t\t\t\t\t<\/div>\n\t\t<\/div>\n\t\t\t\t\t<\/div>\n\t\t<\/section>\n\t\t\t\t<section class=\"elementor-section elementor-top-section elementor-element elementor-element-691d093 elementor-section-boxed elementor-section-height-default elementor-section-height-default\" data-id=\"691d093\" data-element_type=\"section\" data-settings=\"{&quot;background_background&quot;:&quot;classic&quot;,&quot;jet_parallax_layout_list&quot;:[]}\">\n\t\t\t\t\t\t<div class=\"elementor-container elementor-column-gap-default\">\n\t\t\t\t\t<div class=\"elementor-column elementor-col-50 elementor-top-column elementor-element elementor-element-07007eb\" data-id=\"07007eb\" data-element_type=\"column\">\n\t\t\t<div class=\"elementor-widget-wrap elementor-element-populated\">\n\t\t\t\t\t\t<div class=\"elementor-element elementor-element-b6532c5 elementor-widget elementor-widget-text-editor\" data-id=\"b6532c5\" data-element_type=\"widget\" data-widget_type=\"text-editor.default\">\n\t\t\t\t<div class=\"elementor-widget-container\">\n\t\t\t\t\t\t\t\t\t<p>La maison actuelle de Pedro et In\u00eas appartenait \u00e0 une famille d\u2019agriculteurs et <strong>sa construction date de 1934.<\/strong> Autrefois, la propri\u00e9t\u00e9, constitu\u00e9e par la maison avec cave, pressoir et un vaste terrain de lavradio, s\u2019\u00e9tendait jusqu\u2019\u00e0 la rue du haut.<br \/>Avec le d\u00e9part des propri\u00e9taires, la propri\u00e9t\u00e9 a \u00e9t\u00e9 vendue par les h\u00e9ritiers, lot\u00e9e et acquise par un \u00e9migrant de Ponte de<br \/>Lima. Cependant, celui-ci a d\u00e9cid\u00e9, par l\u2019interm\u00e9diaire d\u2019une agence immobili\u00e8re, de vendre le terrain de la maison,<strong> qui a attir\u00e9 l\u2019attention d\u2019Ana pour son aspect pittoresque.<\/strong>  <\/p>\n\t\t\t\t\t\t\t\t<\/div>\n\t\t\t\t<\/div>\n\t\t\t\t\t<\/div>\n\t\t<\/div>\n\t\t\t\t<div class=\"elementor-column elementor-col-50 elementor-top-column elementor-element elementor-element-0aa7cf8\" data-id=\"0aa7cf8\" data-element_type=\"column\" data-settings=\"{&quot;background_background&quot;:&quot;gradient&quot;}\">\n\t\t\t<div class=\"elementor-widget-wrap elementor-element-populated\">\n\t\t\t\t\t\t<div class=\"elementor-element elementor-element-33c9a25 elementor-widget elementor-widget-image\" data-id=\"33c9a25\" data-element_type=\"widget\" data-widget_type=\"image.default\">\n\t\t\t\t<div class=\"elementor-widget-container\">\n\t\t\t\t\t\t\t\t\t\t\t\t\t\t\t<img fetchpriority=\"high\" decoding=\"async\" width=\"800\" height=\"600\" src=\"https:\/\/casapedroeines.pt\/wp-content\/uploads\/2023\/08\/obras-5.webp\" class=\"attachment-large size-large wp-image-5108\" alt=\"\" srcset=\"https:\/\/casapedroeines.pt\/wp-content\/uploads\/2023\/08\/obras-5.webp 1000w, https:\/\/casapedroeines.pt\/wp-content\/uploads\/2023\/08\/obras-5-300x225.webp 300w, https:\/\/casapedroeines.pt\/wp-content\/uploads\/2023\/08\/obras-5-768x576.webp 768w\" sizes=\"(max-width: 800px) 100vw, 800px\" \/>\t\t\t\t\t\t\t\t\t\t\t\t\t\t\t<\/div>\n\t\t\t\t<\/div>\n\t\t\t\t\t<\/div>\n\t\t<\/div>\n\t\t\t\t\t<\/div>\n\t\t<\/section>\n\t\t\t\t<section class=\"elementor-section elementor-top-section elementor-element elementor-element-2c52a5c elementor-section-boxed elementor-section-height-default elementor-section-height-default\" data-id=\"2c52a5c\" data-element_type=\"section\" data-settings=\"{&quot;jet_parallax_layout_list&quot;:[]}\">\n\t\t\t\t\t\t<div class=\"elementor-container elementor-column-gap-default\">\n\t\t\t\t\t<div class=\"elementor-column elementor-col-100 elementor-top-column elementor-element elementor-element-f12c647\" data-id=\"f12c647\" data-element_type=\"column\">\n\t\t\t<div class=\"elementor-widget-wrap elementor-element-populated\">\n\t\t\t\t\t\t<div class=\"elementor-element elementor-element-39b93b9 elementor-widget elementor-widget-heading\" data-id=\"39b93b9\" data-element_type=\"widget\" data-widget_type=\"heading.default\">\n\t\t\t\t<div class=\"elementor-widget-container\">\n\t\t\t\t\t<h2 class=\"elementor-heading-title elementor-size-default\">Commencez ici notre histoire!<\/h2>\t\t\t\t<\/div>\n\t\t\t\t<\/div>\n\t\t\t\t<div class=\"elementor-element elementor-element-31024eb elementor-widget elementor-widget-text-editor\" data-id=\"31024eb\" data-element_type=\"widget\" data-widget_type=\"text-editor.default\">\n\t\t\t\t<div class=\"elementor-widget-container\">\n\t\t\t\t\t\t\t\t\t<p>Malgr\u00e9 son \u00e9tat avanc\u00e9 de ruine, la r\u00e9cup\u00e9ration de la maison et de la zone environnante a constitu\u00e9, depuis le premier<br \/>Un vrai d\u00e9fi personnel.<br \/>L\u2019acquisition de la maison a \u00e9t\u00e9 enregistr\u00e9e en d\u00e9cembre 2010 et <strong>Ana lui a donn\u00e9 le nom de ses deux fils : Pedro et In\u00eas.<\/strong><br \/>Pendant 7 ans, les travaux de transformation de la propri\u00e9t\u00e9 ont \u00e9t\u00e9 r\u00e9alis\u00e9s par un artisan travailleur de Barcelos, un artiste renomm\u00e9 de r\u00e9cup\u00e9ration de maisons rustiques, M. Laurentino Rodrigues. Avec une patience infinie et une honn\u00eatet\u00e9 tr\u00e8s rare, il a r\u00e9pondu et concr\u00e9tis\u00e9 tous les souhaits qu\u2019Ana dessinait dans l\u2019air, sur le papier, sur la poussi\u00e8re du sol.  <\/p>\n<p>En 2018, les travaux de r\u00e9novation \u00e9taient termin\u00e9s et les illusions d\u2019avoir du temps libre pour profiter de la maison avec la famille \u00e9taient plus que nombreuses.<\/p>\n\t\t\t\t\t\t\t\t<\/div>\n\t\t\t\t<\/div>\n\t\t\t\t<div class=\"elementor-element elementor-element-35b2489 elementor-arrows-position-inside elementor-pagination-position-outside elementor-widget elementor-widget-image-carousel\" data-id=\"35b2489\" data-element_type=\"widget\" data-settings=\"{&quot;slides_to_show&quot;:&quot;3&quot;,&quot;navigation&quot;:&quot;both&quot;,&quot;autoplay&quot;:&quot;yes&quot;,&quot;pause_on_hover&quot;:&quot;yes&quot;,&quot;pause_on_interaction&quot;:&quot;yes&quot;,&quot;autoplay_speed&quot;:5000,&quot;infinite&quot;:&quot;yes&quot;,&quot;speed&quot;:500,&quot;image_spacing_custom&quot;:{&quot;unit&quot;:&quot;px&quot;,&quot;size&quot;:20,&quot;sizes&quot;:[]},&quot;image_spacing_custom_tablet&quot;:{&quot;unit&quot;:&quot;px&quot;,&quot;size&quot;:&quot;&quot;,&quot;sizes&quot;:[]},&quot;image_spacing_custom_mobile&quot;:{&quot;unit&quot;:&quot;px&quot;,&quot;size&quot;:&quot;&quot;,&quot;sizes&quot;:[]}}\" data-widget_type=\"image-carousel.default\">\n\t\t\t\t<div class=\"elementor-widget-container\">\n\t\t\t\t\t\t\t<div class=\"elementor-image-carousel-wrapper swiper\" role=\"region\" aria-roledescription=\"carousel\" aria-label=\"Carrousel d\u2019images\" dir=\"ltr\">\n\t\t\t<div class=\"elementor-image-carousel swiper-wrapper\" aria-live=\"off\">\n\t\t\t\t\t\t\t\t<div class=\"swiper-slide\" role=\"group\" aria-roledescription=\"slide\" aria-label=\"1 sur 5\"><figure class=\"swiper-slide-inner\"><img decoding=\"async\" class=\"swiper-slide-image\" src=\"https:\/\/casapedroeines.pt\/wp-content\/uploads\/elementor\/thumbs\/obras-6-qbl1v9hzgfivb7tnlit6jrjcf5x3d8dnvinoal1lkg.webp\" alt=\"obras-6\" \/><\/figure><\/div><div class=\"swiper-slide\" role=\"group\" aria-roledescription=\"slide\" aria-label=\"2 sur 5\"><figure class=\"swiper-slide-inner\"><img decoding=\"async\" class=\"swiper-slide-image\" src=\"https:\/\/casapedroeines.pt\/wp-content\/uploads\/elementor\/thumbs\/obras-3-qbl1v1z9xr8kqc4ktfk5ztfno2y5nnjt6hfsgdcqy8.webp\" alt=\"a-nossa-hist\u00f3ria\" \/><\/figure><\/div><div class=\"swiper-slide\" role=\"group\" aria-roledescription=\"slide\" aria-label=\"3 sur 5\"><figure class=\"swiper-slide-inner\"><img decoding=\"async\" class=\"swiper-slide-image\" src=\"https:\/\/casapedroeines.pt\/wp-content\/uploads\/elementor\/thumbs\/obras-1-qbl1uwc8sr0usocrqd4ekuuw3rpydgxf5pivkpl3zk.webp\" alt=\"obras-1\" \/><\/figure><\/div><div class=\"swiper-slide\" role=\"group\" aria-roledescription=\"slide\" aria-label=\"4 sur 5\"><figure class=\"swiper-slide-inner\"><img decoding=\"async\" class=\"swiper-slide-image\" src=\"https:\/\/casapedroeines.pt\/wp-content\/uploads\/elementor\/thumbs\/obras-2-qbl1uz5rd94pri8o9wcaac59vxc20k8m63hc0jgxgw.webp\" alt=\"obras-2\" \/><\/figure><\/div><div class=\"swiper-slide\" role=\"group\" aria-roledescription=\"slide\" aria-label=\"5 sur 5\"><figure class=\"swiper-slide-inner\"><img decoding=\"async\" class=\"swiper-slide-image\" src=\"https:\/\/casapedroeines.pt\/wp-content\/uploads\/elementor\/thumbs\/obras-4-qbl1v3uybfb5dk1uigdf4sykuuow31r9uqqrex9yls.webp\" alt=\"obras-4\" \/><\/figure><\/div>\t\t\t<\/div>\n\t\t\t\t\t\t\t\t\t\t\t\t<div class=\"elementor-swiper-button elementor-swiper-button-prev\" role=\"button\" tabindex=\"0\">\n\t\t\t\t\t\t<i aria-hidden=\"true\" class=\"eicon-chevron-left\"><\/i>\t\t\t\t\t<\/div>\n\t\t\t\t\t<div class=\"elementor-swiper-button elementor-swiper-button-next\" role=\"button\" tabindex=\"0\">\n\t\t\t\t\t\t<i aria-hidden=\"true\" class=\"eicon-chevron-right\"><\/i>\t\t\t\t\t<\/div>\n\t\t\t\t\n\t\t\t\t\t\t\t\t\t<div class=\"swiper-pagination\"><\/div>\n\t\t\t\t\t\t\t\t\t<\/div>\n\t\t\t\t\t\t<\/div>\n\t\t\t\t<\/div>\n\t\t\t\t\t<\/div>\n\t\t<\/div>\n\t\t\t\t\t<\/div>\n\t\t<\/section>\n\t\t\t\t<section class=\"elementor-section elementor-top-section elementor-element elementor-element-5f8b977 elementor-section-boxed elementor-section-height-default elementor-section-height-default\" data-id=\"5f8b977\" data-element_type=\"section\" data-settings=\"{&quot;background_background&quot;:&quot;classic&quot;,&quot;jet_parallax_layout_list&quot;:[]}\">\n\t\t\t\t\t\t<div class=\"elementor-container elementor-column-gap-default\">\n\t\t\t\t\t<div class=\"elementor-column elementor-col-100 elementor-top-column elementor-element elementor-element-f056e16\" data-id=\"f056e16\" data-element_type=\"column\">\n\t\t\t<div class=\"elementor-widget-wrap elementor-element-populated\">\n\t\t\t\t\t\t<div class=\"elementor-element elementor-element-c7e7fcb elementor-widget elementor-widget-text-editor\" data-id=\"c7e7fcb\" data-element_type=\"widget\" data-widget_type=\"text-editor.default\">\n\t\t\t\t<div class=\"elementor-widget-container\">\n\t\t\t\t\t\t\t\t\t<p>Avec le manque de temps pour passer les week-ends dans la nouvelle maison, il y avait un autre d\u00e9fi, celui de faire de Casa Pedro In\u00eas un \u00e9tablissement d\u2019h\u00e9bergement local, car il r\u00e9unissait toutes les commodit\u00e9s pour une famille profiter d\u2019un beau s\u00e9jour.<br><strong>Le 18 juillet 2018, la Casa Pedro In\u00eas a ouvert ses portes au public <\/strong>et constitue actuellement pour Ana, \u00e0 c\u00f4t\u00e9 de son m\u00e9tier d\u2019enseignante, l\u2019un de ses d\u00e9fis les plus prometteurs.<\/p>\n<p><strong>Ana est fascin\u00e9e par l\u2019art, la culture, la nature et surtout les relations humaines. <\/strong>Consacre son temps libre \u00e0 la relation interpersonnelle, \u00e0 la peinture et \u00e0 l\u2019activit\u00e9 physique. <strong>Les toiles que vous peignez font partie de la d\u00e9coration de la maison,<\/strong> ainsi que de nombreux autres objets personnels sp\u00e9cialement con\u00e7us pour faire de la Casa Pedro e In\u00eas un lieu unique, confortable et agr\u00e9able.<br><strong>Ana aime sa ville de Viana do Castelo et se consacre \u00e0 la diffusion de la beaut\u00e9 et des potentialit\u00e9s de la r\u00e9gion,<\/strong> sentant un grand plaisir d\u2019accueillir des invit\u00e9s qui honorent Casa Pedro In\u00eas avec leur visite.<\/p>\t\t\t\t\t\t\t\t<\/div>\n\t\t\t\t<\/div>\n\t\t\t\t\t<\/div>\n\t\t<\/div>\n\t\t\t\t\t<\/div>\n\t\t<\/section>\n\t\t\t\t<section class=\"elementor-section elementor-top-section elementor-element elementor-element-ed3942b elementor-section-boxed elementor-section-height-default elementor-section-height-default\" data-id=\"ed3942b\" data-element_type=\"section\" data-settings=\"{&quot;jet_parallax_layout_list&quot;:[]}\">\n\t\t\t\t\t\t<div class=\"elementor-container elementor-column-gap-default\">\n\t\t\t\t\t<div class=\"elementor-column elementor-col-100 elementor-top-column elementor-element elementor-element-1081f18\" data-id=\"1081f18\" data-element_type=\"column\">\n\t\t\t<div class=\"elementor-widget-wrap elementor-element-populated\">\n\t\t\t\t\t\t<div class=\"elementor-element elementor-element-3d556f1 gallery-spacing-custom elementor-widget elementor-widget-image-gallery\" data-id=\"3d556f1\" data-element_type=\"widget\" data-widget_type=\"image-gallery.default\">\n\t\t\t\t<div class=\"elementor-widget-container\">\n\t\t\t\t\t\t\t<div class=\"elementor-image-gallery\">\n\t\t\t<div id='gallery-1' class='gallery galleryid-5479 gallery-columns-3 gallery-size-full'><figure class='gallery-item'>\n\t\t\t<div class='gallery-icon landscape'>\n\t\t\t\t<a data-elementor-open-lightbox=\"yes\" data-elementor-lightbox-slideshow=\"3d556f1\" data-e-action-hash=\"#elementor-action%3Aaction%3Dlightbox%26settings%3DeyJpZCI6NTMwMCwidXJsIjoiaHR0cHM6XC9cL2Nhc2FwZWRyb2VpbmVzLnB0XC93cC1jb250ZW50XC91cGxvYWRzXC8yMDI0XC8wMVwvQ2h1cnJhc3F1ZWlyYS53ZWJwIiwic2xpZGVzaG93IjoiM2Q1NTZmMSJ9\" href='https:\/\/casapedroeines.pt\/wp-content\/uploads\/2024\/01\/Churrasqueira.webp'><img decoding=\"async\" width=\"800\" height=\"800\" src=\"https:\/\/casapedroeines.pt\/wp-content\/uploads\/2024\/01\/Churrasqueira.webp\" class=\"attachment-full size-full\" alt=\"\" srcset=\"https:\/\/casapedroeines.pt\/wp-content\/uploads\/2024\/01\/Churrasqueira.webp 800w, https:\/\/casapedroeines.pt\/wp-content\/uploads\/2024\/01\/Churrasqueira-300x300.webp 300w, https:\/\/casapedroeines.pt\/wp-content\/uploads\/2024\/01\/Churrasqueira-150x150.webp 150w, https:\/\/casapedroeines.pt\/wp-content\/uploads\/2024\/01\/Churrasqueira-768x768.webp 768w, https:\/\/casapedroeines.pt\/wp-content\/uploads\/2024\/01\/Churrasqueira-12x12.webp 12w\" sizes=\"(max-width: 800px) 100vw, 800px\" \/><\/a>\n\t\t\t<\/div><\/figure><figure class='gallery-item'>\n\t\t\t<div class='gallery-icon landscape'>\n\t\t\t\t<a data-elementor-open-lightbox=\"yes\" data-elementor-lightbox-slideshow=\"3d556f1\" data-e-action-hash=\"#elementor-action%3Aaction%3Dlightbox%26settings%3DeyJpZCI6NTI5NywidXJsIjoiaHR0cHM6XC9cL2Nhc2FwZWRyb2VpbmVzLnB0XC93cC1jb250ZW50XC91cGxvYWRzXC8yMDI0XC8wMVwvRXNwYWNvTGVpdHVyYS53ZWJwIiwic2xpZGVzaG93IjoiM2Q1NTZmMSJ9\" href='https:\/\/casapedroeines.pt\/wp-content\/uploads\/2024\/01\/EspacoLeitura.webp'><img decoding=\"async\" width=\"800\" height=\"800\" src=\"https:\/\/casapedroeines.pt\/wp-content\/uploads\/2024\/01\/EspacoLeitura.webp\" class=\"attachment-full size-full\" alt=\"\" srcset=\"https:\/\/casapedroeines.pt\/wp-content\/uploads\/2024\/01\/EspacoLeitura.webp 800w, https:\/\/casapedroeines.pt\/wp-content\/uploads\/2024\/01\/EspacoLeitura-300x300.webp 300w, https:\/\/casapedroeines.pt\/wp-content\/uploads\/2024\/01\/EspacoLeitura-150x150.webp 150w, https:\/\/casapedroeines.pt\/wp-content\/uploads\/2024\/01\/EspacoLeitura-768x768.webp 768w, https:\/\/casapedroeines.pt\/wp-content\/uploads\/2024\/01\/EspacoLeitura-12x12.webp 12w\" sizes=\"(max-width: 800px) 100vw, 800px\" \/><\/a>\n\t\t\t<\/div><\/figure><figure class='gallery-item'>\n\t\t\t<div class='gallery-icon landscape'>\n\t\t\t\t<a data-elementor-open-lightbox=\"yes\" data-elementor-lightbox-slideshow=\"3d556f1\" data-e-action-hash=\"#elementor-action%3Aaction%3Dlightbox%26settings%3DeyJpZCI6NTI5NCwidXJsIjoiaHR0cHM6XC9cL2Nhc2FwZWRyb2VpbmVzLnB0XC93cC1jb250ZW50XC91cGxvYWRzXC8yMDI0XC8wMVwvSmFyZGltLndlYnAiLCJzbGlkZXNob3ciOiIzZDU1NmYxIn0%3D\" href='https:\/\/casapedroeines.pt\/wp-content\/uploads\/2024\/01\/Jardim.webp'><img loading=\"lazy\" decoding=\"async\" width=\"800\" height=\"800\" src=\"https:\/\/casapedroeines.pt\/wp-content\/uploads\/2024\/01\/Jardim.webp\" class=\"attachment-full size-full\" alt=\"Casa Pedro e In\u00eas | a nossa hist\u00f3ria\" srcset=\"https:\/\/casapedroeines.pt\/wp-content\/uploads\/2024\/01\/Jardim.webp 800w, https:\/\/casapedroeines.pt\/wp-content\/uploads\/2024\/01\/Jardim-300x300.webp 300w, https:\/\/casapedroeines.pt\/wp-content\/uploads\/2024\/01\/Jardim-150x150.webp 150w, https:\/\/casapedroeines.pt\/wp-content\/uploads\/2024\/01\/Jardim-768x768.webp 768w, https:\/\/casapedroeines.pt\/wp-content\/uploads\/2024\/01\/Jardim-12x12.webp 12w\" sizes=\"(max-width: 800px) 100vw, 800px\" \/><\/a>\n\t\t\t<\/div><\/figure>\n\t\t<\/div>\n\t\t<\/div>\n\t\t\t\t\t\t<\/div>\n\t\t\t\t<\/div>\n\t\t\t\t\t<\/div>\n\t\t<\/div>\n\t\t\t\t\t<\/div>\n\t\t<\/section>\n\t\t\t\t<\/div>\n\t\t","protected":false},"excerpt":{"rendered":"<p>La Casa Pedro In\u00eas Notre Histoire La maison actuelle de Pedro et In\u00eas appartenait \u00e0 une famille d\u2019agriculteurs et sa construction date de 1934. Autrefois, la propri\u00e9t\u00e9, constitu\u00e9e par la maison avec cave, pressoir et un vaste terrain de lavradio, s\u2019\u00e9tendait jusqu\u2019\u00e0 la rue du haut.Avec le d\u00e9part des propri\u00e9taires, la propri\u00e9t\u00e9 a \u00e9t\u00e9 vendue [&hellip;]<\/p>\n","protected":false},"author":1,"featured_media":5102,"parent":0,"menu_order":0,"comment_status":"closed","ping_status":"closed","template":"","meta":{"footnotes":""},"class_list":["post-5479","page","type-page","status-publish","has-post-thumbnail","hentry"],"_links":{"self":[{"href":"https:\/\/casapedroeines.pt\/fr\/wp-json\/wp\/v2\/pages\/5479","targetHints":{"allow":["GET"]}}],"collection":[{"href":"https:\/\/casapedroeines.pt\/fr\/wp-json\/wp\/v2\/pages"}],"about":[{"href":"https:\/\/casapedroeines.pt\/fr\/wp-json\/wp\/v2\/types\/page"}],"author":[{"embeddable":true,"href":"https:\/\/casapedroeines.pt\/fr\/wp-json\/wp\/v2\/users\/1"}],"replies":[{"embeddable":true,"href":"https:\/\/casapedroeines.pt\/fr\/wp-json\/wp\/v2\/comments?post=5479"}],"version-history":[{"count":3,"href":"https:\/\/casapedroeines.pt\/fr\/wp-json\/wp\/v2\/pages\/5479\/revisions"}],"predecessor-version":[{"id":5643,"href":"https:\/\/casapedroeines.pt\/fr\/wp-json\/wp\/v2\/pages\/5479\/revisions\/5643"}],"wp:featuredmedia":[{"embeddable":true,"href":"https:\/\/casapedroeines.pt\/fr\/wp-json\/wp\/v2\/media\/5102"}],"wp:attachment":[{"href":"https:\/\/casapedroeines.pt\/fr\/wp-json\/wp\/v2\/media?parent=5479"}],"curies":[{"name":"wp","href":"https:\/\/api.w.org\/{rel}","templated":true}]}}